{"id":9,"date":"2020-11-25T15:09:56","date_gmt":"2020-11-25T14:09:56","guid":{"rendered":"http:\/\/rowerowysztos.pl\/index.php\/o-mnie\/"},"modified":"2024-07-19T21:12:13","modified_gmt":"2024-07-19T19:12:13","slug":"o-mnie","status":"publish","type":"page","link":"https:\/\/rowerowysztos.pl\/index.php\/o-mnie\/","title":{"rendered":"o mnie"},"content":{"rendered":"<p>[et_pb_section fb_built=&#8221;1&#8243; admin_label=&#8221;section&#8221; _builder_version=&#8221;3.22&#8243; width=&#8221;100%&#8221; da_disable_devices=&#8221;off|off|off&#8221; da_is_popup=&#8221;off&#8221; da_exit_intent=&#8221;off&#8221; da_has_close=&#8221;on&#8221; da_alt_close=&#8221;off&#8221; da_dark_close=&#8221;off&#8221; da_not_modal=&#8221;on&#8221; da_is_singular=&#8221;off&#8221; da_with_loader=&#8221;off&#8221; da_has_shadow=&#8221;on&#8221;][et_pb_row admin_label=&#8221;row&#8221; _builder_version=&#8221;3.25&#8243; background_size=&#8221;initial&#8221; background_position=&#8221;top_left&#8221; background_repeat=&#8221;repeat&#8221;][et_pb_column type=&#8221;4_4&#8243; _builder_version=&#8221;3.25&#8243; custom_padding=&#8221;|||&#8221; custom_padding__hover=&#8221;|||&#8221;][et_pb_text admin_label=&#8221;Text&#8221; _builder_version=&#8221;4.5.7&#8243; background_size=&#8221;initial&#8221; background_position=&#8221;top_left&#8221; background_repeat=&#8221;repeat&#8221;]<\/p>\n<div class=\"et_pb_module et_pb_text et_pb_text_2  et_pb_text_align_justified et_pb_bg_layout_light\">\n<div class=\"et_pb_text_inner\">\n<p>\u00a0 \u00a0rowery\u00a0<img loading=\"lazy\" decoding=\"async\" class=\"alignnone size-full wp-image-318\" src=\"https:\/\/rowerowysztos.pl\/wp-content\/uploads\/2021\/01\/20190626_064224-01-scaled.jpeg\" alt=\"Wyprawa rowerowa przez Alpy\" width=\"2560\" height=\"1440\" srcset=\"https:\/\/rowerowysztos.pl\/wp-content\/uploads\/2021\/01\/20190626_064224-01-scaled.jpeg 2560w, https:\/\/rowerowysztos.pl\/wp-content\/uploads\/2021\/01\/20190626_064224-01-1280x720.jpeg 1280w, https:\/\/rowerowysztos.pl\/wp-content\/uploads\/2021\/01\/20190626_064224-01-980x551.jpeg 980w, https:\/\/rowerowysztos.pl\/wp-content\/uploads\/2021\/01\/20190626_064224-01-480x270.jpeg 480w\" sizes=\"auto, (min-width: 0px) and (max-width: 480px) 480px, (min-width: 481px) and (max-width: 980px) 980px, (min-width: 981px) and (max-width: 1280px) 1280px, (min-width: 1281px) 2560px, 100vw\" \/><\/p>\n<p>Moja przygoda z pisaniem zacz\u0119\u0142a si\u0119 w 2014 roku, kiedy powsta\u0142 pierwszy tekst dla stowarzyszenia Rowerowy Pozna\u0144. W mi\u0119dzyczasie z\u0142o\u017cy\u0142em pierwszy rower z paskiem z\u0119batym. Od pocz\u0105tku mia\u0142em sw\u00f3j pomys\u0142 na rower i na je\u017cd\u017cenie. Moja niepokorna natura podpowiada\u0142a mi, \u017ce wiele rzeczy w standardowo pojmowanym je\u017cd\u017ceniu na rowerze jest nie tak. Bezsensowny pomys\u0142 na \u0142a\u0144cuch w rowerze, bol\u0105cy ty\u0142ek, wiecznie roz\u0142adowane o\u015bwietlenie, przecie\u017c to wszystko mo\u017cna zrobi\u0107 inaczej! Dlaczego u\u017cywamy rozwi\u0105za\u0144 nieprzemy\u015blanych, niewygodnych, poch\u0142aniaj\u0105cych czas i pieni\u0105dze? Wiele z tych rzeczy jest od dawna na rynku, wiele jeszcze przed nami. W tym blogu chc\u0119 przede wszystkim pokaza\u0107, \u017ce mo\u017cna inaczej. Oczywi\u015bcie nie m\u00f3wi\u0119, \u017ce ka\u017cde mainstreamowe rozwi\u0105zanie jest z\u0142e, bo nie jest, ale pod\u0105\u017canie za t\u0142umem w ka\u017cdym aspekcie jest r\u00f3wnie\u017c dalekie od idea\u0142u\u00a0<img decoding=\"async\" class=\"emoji\" role=\"img\" draggable=\"false\" src=\"https:\/\/s.w.org\/images\/core\/emoji\/13.0.1\/svg\/1f60a.svg\" alt=\"?\" \/><\/p>\n<p>Po Rowerowym Poznaniu, gdzie pisa\u0142em o sprz\u0119cie, w 2016 roku przyszed\u0142 czas na pisanie na blogu nieistniej\u0105cego ju\u017c niestety sklepu cyklotur.pl. By\u0142 to naprawd\u0119 jeden z ciekawszych sklep\u00f3w rowerowych w Polsce, w kt\u00f3rym mo\u017cna by\u0142o wypr\u00f3bowa\u0107 i kupi\u0107 poziomy rower tr\u00f3jko\u0142owy, kt\u00f3rym przeja\u017cd\u017ck\u0119 wspominam do dzi\u015b! Nast\u0119pnie pracowa\u0142em w Centrum Rowerowym i Dadelo, gdzie r\u00f3wnie\u017c pisa\u0142em na bloga, a tak\u017ce zajmowa\u0142em si\u0119 social mediami. W 2019 roku napisa\u0142em sw\u00f3j pierwszy artyku\u0142 dla najwi\u0119kszego magazynu rowerowego w Polsce. Wszystko jednak si\u0119 zmienia i niekt\u00f3re media z czasem trac\u0105 swoj\u0105 bezstronno\u015b\u0107 i obiektywne podej\u015bcie. Dlatego powsta\u0142 pomys\u0142 na mojego bloga, kt\u00f3ry b\u0119dzie oczywi\u015bcie subiektywny, ale na pewno daleki od tego co w danym momencie chc\u0105 wylansowa\u0107 producenci\u2026<\/p>\n<p>Moim zdaniem rower ma dawa\u0107 przede wszystkim frajd\u0119 z jazdy. Ma dawa\u0107 chwil\u0119 wytchnienia podczas codziennych przeja\u017cd\u017cek do pracy i wolno\u015b\u0107 w czasie wakacyjnych wypraw. Ma by\u0107 szybki, wygodny i sexy. Przy tym wszystkim ma by\u0107 maksymalnie prosty w obs\u0142udze, ale jednocze\u015bnie nie by\u0107 upierdliwy technicznie. Je\u017celi spe\u0142nia te wszystkie warunki to wtedy jest naprawd\u0119 sztos\u2026 Rowerowy sztos, zapraszam do czytania!<\/p>\n<p>W moich tekstach mog\u0105 pojawia\u0107 si\u0119 linki do produkt\u00f3w, kt\u00f3re moim zdaniem s\u0105 naprawd\u0119 sprawdzone i godne polecenia. B\u0119dzie mi bardzo mi\u0142o, je\u017celi w nie klikniecie \u017ceby sprawdzi\u0107 ich cen\u0119 lub kupi\u0107 dany produkt. W ten spos\u00f3b wesprzecie mojego bloga i pozwolicie stworzy\u0107 jeszcze wi\u0119cej ciekawych artyku\u0142\u00f3w, relacji i test\u00f3w\u00a0<img decoding=\"async\" class=\"emoji\" role=\"img\" draggable=\"false\" src=\"https:\/\/s.w.org\/images\/core\/emoji\/13.0.1\/svg\/1f60a.svg\" alt=\"?\" \/><\/p>\n<p>Przy tworzeniu artyku\u0142\u00f3w i film\u00f3w <strong>wsp\u00f3\u0142pracowa\u0142em ju\u017c z r\u00f3\u017cnymi firmami, takimi jak: HP Velotechnik, Stork Cargo bike, NotiOne, CentrumRowerowe.pl, TVN Style, Dekers &#8211; Custom Bike Polska, PZU Pewnie Na Rower, PubQuiz Pozna\u0144, towarowe.pl, gravel.rent. Tailfin, Magicshine, AMP Polska, Dronowiec.pl, Koloride cycling, Velopolis.<\/strong>\u00a0Je\u017celi interesuje Ci\u0119 wsp\u00f3\u0142praca i chcesz przes\u0142a\u0107 mi jaki\u015b produkt do test\u00f3w to pisz \u015bmia\u0142o! Zaznaczam jednak, \u017ce jestem sk\u0142onny promowa\u0107 i testowa\u0107 tylko te produkty, kt\u00f3re s\u0105 moim zdaniem naprawd\u0119 godne polecenia.<\/p>\n<p>&nbsp;<\/p>\n<p>Janek<\/p>\n<p><span style=\"font-size: 14px;\">\u00a0<\/span><\/p>\n<\/div>\n<\/div>\n<p>[\/et_pb_text][et_pb_image src=&#8221;https:\/\/rowerowysztos.pl\/wp-content\/uploads\/2021\/07\/IMG_0575.jpg&#8221; _builder_version=&#8221;4.5.7&#8243; _module_preset=&#8221;default&#8221;][\/et_pb_image][\/et_pb_column][\/et_pb_row][\/et_pb_section][et_pb_section fb_built=&#8221;1&#8243; _builder_version=&#8221;4.5.7&#8243; _module_preset=&#8221;default&#8221; da_disable_devices=&#8221;off|off|off&#8221; da_is_popup=&#8221;off&#8221; da_exit_intent=&#8221;off&#8221; da_has_close=&#8221;on&#8221; da_alt_close=&#8221;off&#8221; da_dark_close=&#8221;off&#8221; da_not_modal=&#8221;on&#8221; da_is_singular=&#8221;off&#8221; da_with_loader=&#8221;off&#8221; da_has_shadow=&#8221;on&#8221;][\/et_pb_section][et_pb_section fb_built=&#8221;1&#8243; _builder_version=&#8221;4.5.7&#8243; _module_preset=&#8221;default&#8221; da_disable_devices=&#8221;off|off|off&#8221; da_is_popup=&#8221;off&#8221; da_exit_intent=&#8221;off&#8221; da_has_close=&#8221;on&#8221; da_alt_close=&#8221;off&#8221; da_dark_close=&#8221;off&#8221; da_not_modal=&#8221;on&#8221; da_is_singular=&#8221;off&#8221; da_with_loader=&#8221;off&#8221; da_has_shadow=&#8221;on&#8221;][\/et_pb_section]<\/p>\n","protected":false},"excerpt":{"rendered":"<p>[et_pb_section fb_built=&#8221;1&#8243; admin_label=&#8221;section&#8221; _builder_version=&#8221;3.22&#8243; width=&#8221;100%&#8221; da_disable_devices=&#8221;off|off|off&#8221; da_is_popup=&#8221;off&#8221; da_exit_intent=&#8221;off&#8221; da_has_close=&#8221;on&#8221; da_alt_close=&#8221;off&#8221; da_dark_close=&#8221;off&#8221; da_not_modal=&#8221;on&#8221; da_is_singular=&#8221;off&#8221; da_with_loader=&#8221;off&#8221; da_has_shadow=&#8221;on&#8221;][et_pb_row admin_label=&#8221;row&#8221; _builder_version=&#8221;3.25&#8243; background_size=&#8221;initial&#8221; background_position=&#8221;top_left&#8221; background_repeat=&#8221;repeat&#8221;][et_pb_column type=&#8221;4_4&#8243; _builder_version=&#8221;3.25&#8243; custom_padding=&#8221;|||&#8221; custom_padding__hover=&#8221;|||&#8221;][et_pb_text admin_label=&#8221;Text&#8221; _builder_version=&#8221;4.5.7&#8243; background_size=&#8221;initial&#8221; background_position=&#8221;top_left&#8221; background_repeat=&#8221;repeat&#8221;] \u00a0 \u00a0rowery\u00a0 Moja przygoda z pisaniem zacz\u0119\u0142a si\u0119 w 2014 roku, kiedy powsta\u0142 pierwszy tekst dla stowarzyszenia Rowerowy Pozna\u0144. W mi\u0119dzyczasie z\u0142o\u017cy\u0142em pierwszy rower z paskiem [&hellip;]<\/p>\n","protected":false},"author":1,"featured_media":0,"parent":0,"menu_order":0,"comment_status":"closed","ping_status":"closed","template":"","meta":{"_et_pb_use_builder":"on","_et_pb_old_content":"<div class=\"et_pb_module et_pb_text et_pb_text_2  et_pb_text_align_justified et_pb_bg_layout_light\">\r\n<div class=\"et_pb_text_inner\">\r\n\r\n<img class=\"alignnone size-full wp-image-318\" src=\"https:\/\/rowerowysztos.pl\/wp-content\/uploads\/2021\/01\/20190626_064224-01-scaled.jpeg\" alt=\"Wyprawa rowerowa przez Alpy\" width=\"2560\" height=\"1440\" \/>\r\n\r\nMoja przygoda z pisaniem zacz\u0119\u0142a si\u0119 w 2014 roku, kiedy powsta\u0142 pierwszy tekst dla stowarzyszenia Rowerowy Pozna\u0144. W mi\u0119dzyczasie z\u0142o\u017cy\u0142em pierwszy rower z paskiem z\u0119batym. Od pocz\u0105tku mia\u0142em sw\u00f3j pomys\u0142 na rower i na je\u017cd\u017cenie. Moja niepokorna natura podpowiada\u0142a mi, \u017ce wiele rzeczy w standardowo pojmowanym je\u017cd\u017ceniu na rowerze jest nie tak. Bezsensowny pomys\u0142 na \u0142a\u0144cuch w rowerze, bol\u0105cy ty\u0142ek, wiecznie roz\u0142adowane o\u015bwietlenie, przecie\u017c to wszystko mo\u017cna zrobi\u0107 inaczej! Dlaczego u\u017cywamy rozwi\u0105za\u0144 nieprzemy\u015blanych, niewygodnych, poch\u0142aniaj\u0105cych czas i pieni\u0105dze? Wiele z tych rzeczy jest od dawna na rynku, wiele jeszcze przed nami. W tym blogu chc\u0119 przede wszystkim pokaza\u0107, \u017ce mo\u017cna inaczej. Oczywi\u015bcie nie m\u00f3wi\u0119, \u017ce ka\u017cde mainstreamowe rozwi\u0105zanie jest z\u0142e, bo nie jest, ale pod\u0105\u017canie za t\u0142umem w ka\u017cdym aspekcie jest r\u00f3wnie\u017c dalekie od idea\u0142u\u00a0<img class=\"emoji\" role=\"img\" draggable=\"false\" src=\"https:\/\/s.w.org\/images\/core\/emoji\/13.0.1\/svg\/1f60a.svg\" alt=\"?\" \/>\r\n\r\nPo Rowerowym Poznaniu, gdzie pisa\u0142em o sprz\u0119cie, w 2016 roku przyszed\u0142 czas na pisanie na blogu nieistniej\u0105cego ju\u017c niestety sklepu cyklotur.pl. By\u0142 to naprawd\u0119 jeden z ciekawszych sklep\u00f3w rowerowych w Polsce, w kt\u00f3rym mo\u017cna by\u0142o wypr\u00f3bowa\u0107 i kupi\u0107 poziomy rower tr\u00f3jko\u0142owy, kt\u00f3rym przeja\u017cd\u017ck\u0119 wspominam do dzi\u015b! Nast\u0119pnie pracowa\u0142em w Centrum Rowerowym i Dadelo, gdzie r\u00f3wnie\u017c pisa\u0142em na bloga, a tak\u017ce zajmowa\u0142em si\u0119 social mediami. W 2019 roku napisa\u0142em sw\u00f3j pierwszy artyku\u0142 dla najwi\u0119kszego magazynu rowerowego w Polsce. Wszystko jednak si\u0119 zmienia i niekt\u00f3re media z czasem trac\u0105 swoj\u0105 bezstronno\u015b\u0107 i obiektywne podej\u015bcie. Dlatego powsta\u0142 pomys\u0142 na mojego bloga, kt\u00f3ry b\u0119dzie oczywi\u015bcie subiektywny, ale na pewno daleki od tego co w danym momencie chc\u0105 wylansowa\u0107 producenci\u2026\r\n\r\nMoim zdaniem rower ma dawa\u0107 przede wszystkim frajd\u0119 z jazdy. Ma dawa\u0107 chwil\u0119 wytchnienia podczas codziennych przeja\u017cd\u017cek do pracy i wolno\u015b\u0107 w czasie wakacyjnych wypraw. Ma by\u0107 szybki, wygodny i sexy. Przy tym wszystkim ma by\u0107 maksymalnie prosty w obs\u0142udze, ale jednocze\u015bnie nie by\u0107 upierdliwy technicznie. Je\u017celi spe\u0142nia te wszystkie warunki to wtedy jest naprawd\u0119 sztos\u2026 Rowerowy sztos, zapraszam do czytania!\r\n\r\nW moich tekstach mog\u0105 pojawia\u0107 si\u0119 linki do produkt\u00f3w, kt\u00f3re moim zdaniem s\u0105 naprawd\u0119 sprawdzone i godne polecenia. B\u0119dzie mi bardzo mi\u0142o, je\u017celi w nie klikniecie \u017ceby sprawdzi\u0107 ich cen\u0119 lub kupi\u0107 dany produkt. W ten spos\u00f3b wesprzecie mojego bloga i pozwolicie stworzy\u0107 jeszcze wi\u0119cej ciekawych artyku\u0142\u00f3w, relacji i test\u00f3w\u00a0<img class=\"emoji\" role=\"img\" draggable=\"false\" src=\"https:\/\/s.w.org\/images\/core\/emoji\/13.0.1\/svg\/1f60a.svg\" alt=\"?\" \/>\r\n\r\nJanek Leszczy\u0144ski\r\n\r\n<img class=\"alignnone size-full wp-image-356\" src=\"https:\/\/rowerowysztos.pl\/wp-content\/uploads\/2021\/01\/IMG_1215-10-scaled.jpg\" alt=\"\" width=\"2560\" height=\"1707\" \/>\r\n\r\n<\/div>\r\n<\/div>","_et_gb_content_width":"","footnotes":""},"class_list":["post-9","page","type-page","status-publish","hentry"],"yoast_head":"<!-- This site is optimized with the Yoast SEO plugin v27.5 - https:\/\/yoast.com\/product\/yoast-seo-wordpress\/ -->\n<title>o mnie - RowerowySztos.pl<\/title>\n<meta name=\"description\" content=\"Blog o rowerach, sprz\u0119cie, podr\u00f3\u017cach i rzeczach, kt\u00f3re u\u0142atwiaj\u0105 \u017cycie rowerzysty. Nietypowo, odw\u017cnie i obiketywnie.\" \/>\n<meta name=\"robots\" content=\"index, follow, max-snippet:-1, max-image-preview:large, max-video-preview:-1\" \/>\n<link rel=\"canonical\" href=\"https:\/\/rowerowysztos.pl\/index.php\/o-mnie\/\" \/>\n<meta property=\"og:locale\" content=\"pl_PL\" \/>\n<meta property=\"og:type\" content=\"article\" \/>\n<meta property=\"og:title\" content=\"o mnie - RowerowySztos.pl\" \/>\n<meta property=\"og:description\" content=\"Blog o rowerach, sprz\u0119cie, podr\u00f3\u017cach i rzeczach, kt\u00f3re u\u0142atwiaj\u0105 \u017cycie rowerzysty. Nietypowo, odw\u017cnie i obiketywnie.\" \/>\n<meta property=\"og:url\" content=\"https:\/\/rowerowysztos.pl\/index.php\/o-mnie\/\" \/>\n<meta property=\"og:site_name\" content=\"RowerowySztos.pl\" \/>\n<meta property=\"article:modified_time\" content=\"2024-07-19T19:12:13+00:00\" \/>\n<meta property=\"og:image\" content=\"https:\/\/rowerowysztos.pl\/wp-content\/uploads\/2021\/01\/20190626_064224-01-scaled.jpeg\" \/>\n<meta name=\"twitter:card\" content=\"summary_large_image\" \/>\n<meta name=\"twitter:label1\" content=\"Szacowany czas czytania\" \/>\n\t<meta name=\"twitter:data1\" content=\"3 minuty\" \/>\n<script type=\"application\/ld+json\" class=\"yoast-schema-graph\">{\"@context\":\"https:\\\/\\\/schema.org\",\"@graph\":[{\"@type\":\"WebPage\",\"@id\":\"https:\\\/\\\/rowerowysztos.pl\\\/index.php\\\/o-mnie\\\/\",\"url\":\"https:\\\/\\\/rowerowysztos.pl\\\/index.php\\\/o-mnie\\\/\",\"name\":\"o mnie - RowerowySztos.pl\",\"isPartOf\":{\"@id\":\"https:\\\/\\\/rowerowysztos.pl\\\/#website\"},\"primaryImageOfPage\":{\"@id\":\"https:\\\/\\\/rowerowysztos.pl\\\/index.php\\\/o-mnie\\\/#primaryimage\"},\"image\":{\"@id\":\"https:\\\/\\\/rowerowysztos.pl\\\/index.php\\\/o-mnie\\\/#primaryimage\"},\"thumbnailUrl\":\"https:\\\/\\\/rowerowysztos.pl\\\/wp-content\\\/uploads\\\/2021\\\/01\\\/20190626_064224-01-scaled.jpeg\",\"datePublished\":\"2020-11-25T14:09:56+00:00\",\"dateModified\":\"2024-07-19T19:12:13+00:00\",\"description\":\"Blog o rowerach, sprz\u0119cie, podr\u00f3\u017cach i rzeczach, kt\u00f3re u\u0142atwiaj\u0105 \u017cycie rowerzysty. Nietypowo, odw\u017cnie i obiketywnie.\",\"breadcrumb\":{\"@id\":\"https:\\\/\\\/rowerowysztos.pl\\\/index.php\\\/o-mnie\\\/#breadcrumb\"},\"inLanguage\":\"pl-PL\",\"potentialAction\":[{\"@type\":\"ReadAction\",\"target\":[\"https:\\\/\\\/rowerowysztos.pl\\\/index.php\\\/o-mnie\\\/\"]}]},{\"@type\":\"ImageObject\",\"inLanguage\":\"pl-PL\",\"@id\":\"https:\\\/\\\/rowerowysztos.pl\\\/index.php\\\/o-mnie\\\/#primaryimage\",\"url\":\"https:\\\/\\\/rowerowysztos.pl\\\/wp-content\\\/uploads\\\/2021\\\/01\\\/20190626_064224-01-scaled.jpeg\",\"contentUrl\":\"https:\\\/\\\/rowerowysztos.pl\\\/wp-content\\\/uploads\\\/2021\\\/01\\\/20190626_064224-01-scaled.jpeg\",\"width\":2560,\"height\":1440,\"caption\":\"Wyprawa rowerowa przez Alpy\"},{\"@type\":\"BreadcrumbList\",\"@id\":\"https:\\\/\\\/rowerowysztos.pl\\\/index.php\\\/o-mnie\\\/#breadcrumb\",\"itemListElement\":[{\"@type\":\"ListItem\",\"position\":1,\"name\":\"Strona g\u0142\u00f3wna\",\"item\":\"https:\\\/\\\/rowerowysztos.pl\\\/\"},{\"@type\":\"ListItem\",\"position\":2,\"name\":\"o mnie\"}]},{\"@type\":\"WebSite\",\"@id\":\"https:\\\/\\\/rowerowysztos.pl\\\/#website\",\"url\":\"https:\\\/\\\/rowerowysztos.pl\\\/\",\"name\":\"RowerowySztos.pl\",\"description\":\"Je\u015bli chcesz odkry\u0107 rower na nowo, je\u017adzi\u0107 szybciej wygodniej i mie\u0107 z tego wi\u0119cej frajdy to ten blog jest dla Ciebie!\",\"potentialAction\":[{\"@type\":\"SearchAction\",\"target\":{\"@type\":\"EntryPoint\",\"urlTemplate\":\"https:\\\/\\\/rowerowysztos.pl\\\/?s={search_term_string}\"},\"query-input\":{\"@type\":\"PropertyValueSpecification\",\"valueRequired\":true,\"valueName\":\"search_term_string\"}}],\"inLanguage\":\"pl-PL\"}]}<\/script>\n<!-- \/ Yoast SEO plugin. -->","yoast_head_json":{"title":"o mnie - RowerowySztos.pl","description":"Blog o rowerach, sprz\u0119cie, podr\u00f3\u017cach i rzeczach, kt\u00f3re u\u0142atwiaj\u0105 \u017cycie rowerzysty. Nietypowo, odw\u017cnie i obiketywnie.","robots":{"index":"index","follow":"follow","max-snippet":"max-snippet:-1","max-image-preview":"max-image-preview:large","max-video-preview":"max-video-preview:-1"},"canonical":"https:\/\/rowerowysztos.pl\/index.php\/o-mnie\/","og_locale":"pl_PL","og_type":"article","og_title":"o mnie - RowerowySztos.pl","og_description":"Blog o rowerach, sprz\u0119cie, podr\u00f3\u017cach i rzeczach, kt\u00f3re u\u0142atwiaj\u0105 \u017cycie rowerzysty. Nietypowo, odw\u017cnie i obiketywnie.","og_url":"https:\/\/rowerowysztos.pl\/index.php\/o-mnie\/","og_site_name":"RowerowySztos.pl","article_modified_time":"2024-07-19T19:12:13+00:00","og_image":[{"url":"https:\/\/rowerowysztos.pl\/wp-content\/uploads\/2021\/01\/20190626_064224-01-scaled.jpeg","type":"","width":"","height":""}],"twitter_card":"summary_large_image","twitter_misc":{"Szacowany czas czytania":"3 minuty"},"schema":{"@context":"https:\/\/schema.org","@graph":[{"@type":"WebPage","@id":"https:\/\/rowerowysztos.pl\/index.php\/o-mnie\/","url":"https:\/\/rowerowysztos.pl\/index.php\/o-mnie\/","name":"o mnie - RowerowySztos.pl","isPartOf":{"@id":"https:\/\/rowerowysztos.pl\/#website"},"primaryImageOfPage":{"@id":"https:\/\/rowerowysztos.pl\/index.php\/o-mnie\/#primaryimage"},"image":{"@id":"https:\/\/rowerowysztos.pl\/index.php\/o-mnie\/#primaryimage"},"thumbnailUrl":"https:\/\/rowerowysztos.pl\/wp-content\/uploads\/2021\/01\/20190626_064224-01-scaled.jpeg","datePublished":"2020-11-25T14:09:56+00:00","dateModified":"2024-07-19T19:12:13+00:00","description":"Blog o rowerach, sprz\u0119cie, podr\u00f3\u017cach i rzeczach, kt\u00f3re u\u0142atwiaj\u0105 \u017cycie rowerzysty. Nietypowo, odw\u017cnie i obiketywnie.","breadcrumb":{"@id":"https:\/\/rowerowysztos.pl\/index.php\/o-mnie\/#breadcrumb"},"inLanguage":"pl-PL","potentialAction":[{"@type":"ReadAction","target":["https:\/\/rowerowysztos.pl\/index.php\/o-mnie\/"]}]},{"@type":"ImageObject","inLanguage":"pl-PL","@id":"https:\/\/rowerowysztos.pl\/index.php\/o-mnie\/#primaryimage","url":"https:\/\/rowerowysztos.pl\/wp-content\/uploads\/2021\/01\/20190626_064224-01-scaled.jpeg","contentUrl":"https:\/\/rowerowysztos.pl\/wp-content\/uploads\/2021\/01\/20190626_064224-01-scaled.jpeg","width":2560,"height":1440,"caption":"Wyprawa rowerowa przez Alpy"},{"@type":"BreadcrumbList","@id":"https:\/\/rowerowysztos.pl\/index.php\/o-mnie\/#breadcrumb","itemListElement":[{"@type":"ListItem","position":1,"name":"Strona g\u0142\u00f3wna","item":"https:\/\/rowerowysztos.pl\/"},{"@type":"ListItem","position":2,"name":"o mnie"}]},{"@type":"WebSite","@id":"https:\/\/rowerowysztos.pl\/#website","url":"https:\/\/rowerowysztos.pl\/","name":"RowerowySztos.pl","description":"Je\u015bli chcesz odkry\u0107 rower na nowo, je\u017adzi\u0107 szybciej wygodniej i mie\u0107 z tego wi\u0119cej frajdy to ten blog jest dla Ciebie!","potentialAction":[{"@type":"SearchAction","target":{"@type":"EntryPoint","urlTemplate":"https:\/\/rowerowysztos.pl\/?s={search_term_string}"},"query-input":{"@type":"PropertyValueSpecification","valueRequired":true,"valueName":"search_term_string"}}],"inLanguage":"pl-PL"}]}},"_links":{"self":[{"href":"https:\/\/rowerowysztos.pl\/index.php\/wp-json\/wp\/v2\/pages\/9","targetHints":{"allow":["GET"]}}],"collection":[{"href":"https:\/\/rowerowysztos.pl\/index.php\/wp-json\/wp\/v2\/pages"}],"about":[{"href":"https:\/\/rowerowysztos.pl\/index.php\/wp-json\/wp\/v2\/types\/page"}],"author":[{"embeddable":true,"href":"https:\/\/rowerowysztos.pl\/index.php\/wp-json\/wp\/v2\/users\/1"}],"replies":[{"embeddable":true,"href":"https:\/\/rowerowysztos.pl\/index.php\/wp-json\/wp\/v2\/comments?post=9"}],"version-history":[{"count":36,"href":"https:\/\/rowerowysztos.pl\/index.php\/wp-json\/wp\/v2\/pages\/9\/revisions"}],"predecessor-version":[{"id":1148,"href":"https:\/\/rowerowysztos.pl\/index.php\/wp-json\/wp\/v2\/pages\/9\/revisions\/1148"}],"wp:attachment":[{"href":"https:\/\/rowerowysztos.pl\/index.php\/wp-json\/wp\/v2\/media?parent=9"}],"curies":[{"name":"wp","href":"https:\/\/api.w.org\/{rel}","templated":true}]}}